{"id":496,"date":"2019-03-18T08:56:35","date_gmt":"2019-03-18T08:56:35","guid":{"rendered":"http:\/\/hoermann-kmt.at\/wordpress\/?page_id=496"},"modified":"2019-03-19T14:48:49","modified_gmt":"2019-03-19T14:48:49","slug":"datenschutzerklaerung","status":"publish","type":"page","link":"https:\/\/hoermann-kmt.at\/wordpress\/datenschutzerklaerung\/","title":{"rendered":"Datenschutzerkl\u00e4rung"},"content":{"rendered":"<p class=\"western\" style=\"text-align: left;\" align=\"center\">Danke f\u00fcr Ihr Interesse an unserem Unternehmen. Wir nehmen den Datenschutz ernst.<\/p>\n<p class=\"western\" align=\"justify\"><span style=\"color: #000000;\">Sie k\u00f6nnen unsere Webseite grunds\u00e4tzlich ohne jede Angabe personenbezogener Daten nutzen. Sofern eine betroffene Person Leistungen unseres Unternehmens \u00fcber unsere Internetseite in Anspruch nehmen m\u00f6chte, so k\u00f6nnte eine Verarbeitung personenbezogener Daten erforderlich werden. Ist die Verarbeitung personenbezogener Daten erforderlich und besteht f\u00fcr eine solche Verarbeitung keine gesetzliche Grundlage, dann holen wir stets eine Einwilligung der betroffenen Person ein.<\/span><\/p>\n<p class=\"western\" align=\"justify\"><span style=\"color: #000000;\">Die Verarbeitung personenbezogener Daten (z.B. Name, Anschrift, E-Mail-Adresse oder Telefonnummer einer betroffenen Person), erfolgt stets im Einklang mit der Datenschutz-Grundverordnung (DSGVO) und in \u00dcbereinstimmung mit den f\u00fcr uns geltenden landesspezifischen Datenschutzbestimmungen. <\/span><\/p>\n<p class=\"western\" align=\"justify\"><span style=\"color: #000000;\">Mit der nachfolgenden Datenschutzerkl\u00e4rung m\u00f6chten wir die \u00d6ffentlichkeit \u00fcber Art, Umfang und Zweck der von uns erhobenen, genutzten und verarbeiteten personenbezogenen Daten informieren. Ebenfalls werden betroffene Personen durch diese Datenschutzerkl\u00e4rung \u00fcber die ihnen zustehenden Rechte informiert.<\/span><\/p>\n<p class=\"western\" align=\"justify\"><span style=\"color: #000000;\">Als f\u00fcr die Verarbeitung Verantwortliche haben wir zahlreiche technische und organisatorische Ma\u00dfnahmen umgesetzt, um einen m\u00f6glichst l\u00fcckenlosen Schutz der \u00fcber unsere Webseite verarbeiteten personenbezogenen Daten sicherzustellen. Daten\u00fcbertragungen \u00fcber das Internet k\u00f6nnen aber grunds\u00e4tzlich Sicherheitsl\u00fccken enthalten. Es kann somit ein 100 %iger Schutz nicht gew\u00e4hrleistet werden. Daherkann uns jede betroffene Person nat\u00fcrlich auch alternativ z.B. per Telefon personenbezogene Daten \u00fcbermitteln.<\/span><\/p>\n<p><b>1. Begriffsbestimmungen<\/b><\/p>\n<p class=\"western\" align=\"justify\"><span style=\"color: #000000;\">Diese Datenschutzerkl\u00e4rung beruht auf den Begriffsbestimmungen, die durch den Europ\u00e4ischen Richtlinien- und Verordnungsgeber beim Erlass der DSGVO benutzt wurden (Artikel 4 DSGVO). Diese Datenschutzerkl\u00e4rung soll f\u00fcr jede Person sowohl einfach lesbar, als auch leicht verst\u00e4ndlich sein. Die DSGVO k\u00f6nnten Sie unter folgenden Link abrufen:<\/span><\/p>\n<p class=\"western\" align=\"justify\"><a href=\"http:\/\/eur-lex.europa.eu\/legal-content\/DE\/TXT\/PDF\/?uri=CELEX:32016R0679&amp;from=DE\">http:\/\/eur-lex.europa.eu\/legal-content\/DE\/TXT\/PDF\/?uri=CELEX:32016R0679&amp;from=DE<\/a><\/p>\n<p class=\"western\" align=\"justify\">Das Ziel unserer Datenschutzerkl\u00e4rung ist, Sie in einfacher und verst\u00e4ndlicher Weise \u00fcber die Verarbeitung Ihrer personenbezogenen Daten auf unseren Internetseiten und mittels unserer Apps zu informieren. Um dies sicher zu stellen, m\u00f6chten wir zun\u00e4chst die verwendeten Begrifflichkeiten erl\u00e4utern. In dieser Datenschutzerkl\u00e4rung werden unter anderem diese Begriffsbestimmungen verwendet:<\/p>\n<ul>\n<li>\u201e<b>personenbezogene Daten<\/b>\u201c alle Informationen, die sich auf eine identifizierte oder identifizierbare nat\u00fcrliche Person (im Folgenden \u201ebetroffene Person\u201c) beziehen; als identifizierbar wird eine nat\u00fcrliche Person angesehen, die direkt oder indirekt, insbesondere mittels Zuordnung zu einer Kennung wie einem Namen, zu einer Kennnummer, zu Standortdaten, zu einer Online-Kennung oder zu einem oder mehreren besonderen Merkmalen identifiziert werden kann, die Ausdruck der physischen, physiologischen, genetischen, psychischen, wirtschaftlichen, kulturellen oder sozialen Identit\u00e4t dieser nat\u00fcrlichen Person sind;<\/li>\n<li>\n<p align=\"justify\"><span style=\"color: #000000;\">\u201e<b>betroffene Person<\/b>\u201c jede identifizierte oder identifizierbare nat\u00fcrliche Person, deren personenbezogene Daten von dem f\u00fcr die Verarbeitung Verantwortlichen verarbeitet werden.<\/span><\/p>\n<\/li>\n<li>\n<p align=\"justify\"><span style=\"color: #000000;\">\u201e<b>Verarbeitung<\/b>\u201c jeder mit oder ohne Hilfe automatisierter Verfahren ausgef\u00fchrter Vorgang oder jede solche Vorgangsreihe im Zusammenhang mit personenbezogenen Daten wie das Erheben, das Erfassen, die Organisation, das Ordnen, die Speicherung, die Anpassung oder Ver\u00e4nderung, das Auslesen, das Abfragen, die Verwendung, die Offenlegung durch \u00dcbermittlung, Verbreitung oder eine andere Form der Bereitstellung, den Abgleich oder die Verkn\u00fcpfung, die Einschr\u00e4nkung, das L\u00f6schen oder die Vernichtung;<\/span><\/p>\n<\/li>\n<li>\n<p align=\"justify\"><span style=\"color: #000000;\">\u201e<b>Einschr\u00e4nkung der Verarbeitung<\/b>\u201c die Markierung gespeicherter personenbezogener Daten mit dem Ziel, ihre k\u00fcnftige Verarbeitung einzuschr\u00e4nken;<\/span><\/p>\n<\/li>\n<li>\n<p align=\"justify\"><span style=\"color: #000000;\">\u201e<b>Profiling<\/b>\u201c jede Art der automatisierten Verarbeitung personenbezogener Daten, die darin besteht, dass diese personenbezogenen Daten verwendet werden, um bestimmte pers\u00f6nliche Aspekte, die sich auf eine nat\u00fcrliche Person beziehen, zu bewerten, insbesondere um Aspekte bez\u00fcglich Arbeitsleistung, wirtschaftliche Lage, Gesundheit, pers\u00f6nliche Vorlieben, Interessen, Zuverl\u00e4ssigkeit, Verhalten, Aufenthaltsort oder Ortswechsel dieser nat\u00fcrlichen Person zu analysieren oder vorherzusagen;<\/span><\/p>\n<\/li>\n<li>\n<p align=\"justify\"><span style=\"color: #000000;\">\u201e<b>Verantwortlicher<\/b>\u201c die nat\u00fcrliche oder juristische Person, Beh\u00f6rde, Einrichtung oder andere Stelle, die allein oder gemeinsam mit anderen \u00fcber die Zwecke und Mittel der Verarbeitung von personenbezogenen Daten entscheidet; sind die Zwecke und Mittel dieser Verarbeitung durch das Unionsrecht oder das Recht der Mitgliedstaaten vorgegeben, so k\u00f6nnen der Verantwortliche beziehungsweise die bestimmten Kriterien seiner Benennung nach dem Unionsrecht oder dem Recht der Mitgliedstaaten vorgesehen werden;<\/span><\/p>\n<\/li>\n<li>\n<p align=\"justify\"><span style=\"color: #000000;\">\u201e<b>Empf\u00e4nger<\/b>\u201c eine nat\u00fcrliche oder juristische Person, Beh\u00f6rde, Einrichtung oder andere Stelle, denen personenbezogene Daten offengelegt werden, unabh\u00e4ngig davon, ob es sich bei ihr um einen Dritten handelt oder nicht. Beh\u00f6rden, die im Rahmen eines bestimmten Untersuchungsauftrags nach dem Unionsrecht oder dem Recht der Mitgliedstaaten m\u00f6glicherweise personenbezogene Daten erhalten, gelten jedoch nicht als Empf\u00e4nger; die Verarbeitung dieser Daten durch die genannten Beh\u00f6rden erfolgt im Einklang mit den geltenden Datenschutzvorschriften gem\u00e4\u00df den Zwecken der Verarbeitung;<\/span><\/p>\n<\/li>\n<li>\n<p align=\"justify\"><span style=\"color: #000000;\">\u201e<b>Dritter<\/b>\u201c eine nat\u00fcrliche oder juristische Person, Beh\u00f6rde, Einrichtung oder andere Stelle, au\u00dfer der betroffenen Person, dem Verantwortlichen, dem Auftragsverarbeiter und den Personen, die unter der unmittelbaren Verantwortung des Verantwortlichen oder des Auftragsverarbeiters befugt sind, die personenbezogenen Daten zu verarbeiten;<\/span><\/p>\n<\/li>\n<li>\n<p align=\"justify\"><span style=\"color: #000000;\">\u201e<b>Einwilligung<\/b>\u201c der betroffenen Person jede freiwillig f\u00fcr den bestimmten Fall, in informierter Weise und unmissverst\u00e4ndlich abgegebene Willensbekundung in Form einer Erkl\u00e4rung oder einer sonstigen eindeutigen best\u00e4tigenden Handlung, mit der die betroffene Person zu verstehen gibt, dass sie mit der Verarbeitung der sie betreffenden personenbezogenen Daten einverstanden ist.<\/span><\/p>\n<\/li>\n<\/ul>\n<p align=\"justify\"><b>2. Name und Kontaktdaten des f\u00fcr die Verarbeitung Verantwortlichen<\/b><\/p>\n<p class=\"western\" align=\"justify\">Diese Datenschutzhinweise gelten f\u00fcr die Datenverarbeitung durch:<br \/>\nH\u00f6rmann Kommunikations- und Meldetechnik GmbH, vertreten durch den Gesch\u00e4ftsf\u00fchrer Herrn Matthias M\u00fcllner, E-Mail: <span style=\"color: #0000ff;\"><span style=\"text-decoration: underline;\"><a href=\"mailto:mmuellner@hoermann-gmbh.de\">info(at)hoermann-gmbh.de<\/a><\/span><\/span> , Telefon: +49 (0)8091 5630 \u2013 300, Telefax: +49 (0)8091\u20131275<\/p>\n<p class=\"western\" align=\"justify\"><b>3. Kontaktdaten des Datenschutzbeauftragten:<\/b><\/p>\n<p class=\"western\" align=\"justify\">H\u00f6rmann Kommunikations- und Meldetechnik GmbH<br \/>\nDatenschutzbeauftragter<br \/>\nEugen-M\u00fcller-Stra\u00dfe 14<br \/>\n5020 Salzburg<br \/>\nTelefon: +43 \/ (0) 662 429372-0<br \/>\nEmail: <a href=\"mailto:office@hoermann-kmt.at\">office(at)hoermann-kmt.at<\/a><\/p>\n<p class=\"western\" align=\"justify\"><b>4. L\u00f6schung und Sperrung von personenbezogenen Daten<\/b><\/p>\n<p class=\"western\" align=\"justify\">F\u00fcr den Fall, dass wir personenbezogene Daten der betroffenen Person verarbeiten und speichern, erfolgt das nur f\u00fcr den Zeitraum, der zur Erreichung des Speicherungszwecks erforderlich ist oder sofern dies durch die geltenden Gesetze, welchen der f\u00fcr die Verarbeitung Verantwortliche unterliegt, vorgesehen ist.<\/p>\n<p class=\"western\" align=\"justify\"><span style=\"color: #000000;\">Entf\u00e4llt der Speicherungszweck oder l\u00e4uft eine gesetzlich vorgeschriebene Speicherfrist ab, werden die personenbezogenen Daten routinem\u00e4\u00dfig und entsprechend den gesetzlichen Vorschriften gesperrt oder gel\u00f6scht.<\/span><\/p>\n<p class=\"western\" align=\"justify\"><b>5. Erhebung und Speicherung personenbezogener Daten sowie Art und Zweck von deren Verwendung<\/b><\/p>\n<p class=\"western\" align=\"justify\"><b>a) Beim Besuch der Website<\/b><\/p>\n<p class=\"western\" align=\"justify\"><span style=\"color: #000000;\">Sie k\u00f6nnen unsere Webseite grunds\u00e4tzlich ohne Offenlegung Ihrer Identit\u00e4t nutzen. Beim Aufrufen unserer Website werden durch den auf Ihrem Endger\u00e4t zum Einsatz kommenden Browser automatisch Informationen an den Server unserer Website gesendet. Diese Informationen werden tempor\u00e4r in einem sog. Logfile gespeichert. Folgende Informationen werden dabei ohne Ihr Zutun erfasst und bis zur automatisierten L\u00f6schung gespeichert:<\/span><\/p>\n<ul>\n<li>\n<p align=\"justify\"><span style=\"color: #000000;\">IP-Adresse des anfragenden Rechners,<br \/>\n<\/span><\/li>\n<li>\n<p align=\"justify\"><span style=\"color: #000000;\">Datum und Uhrzeit des Zugriffs,<\/span><\/p>\n<\/li>\n<li>\n<p align=\"justify\"><span style=\"color: #000000;\">Name und URL der abgerufenen Datei,<\/span><\/p>\n<\/li>\n<li>\n<p align=\"justify\"><span style=\"color: #000000;\">Website, von der aus der Zugriff erfolgt (Referrer-URL),<\/span><\/p>\n<\/li>\n<li>\n<p align=\"justify\"><span style=\"color: #000000;\">verwendeter Browser und ggf. das Betriebssystem Ihres Rechners sowie der Name Ihres Access-Providers.<\/span><\/p>\n<\/li>\n<\/ul>\n<p class=\"western\" align=\"justify\"><span style=\"color: #000000;\">Die genannten Daten werden durch uns zu folgenden Zwecken verarbeitet:<\/span><\/p>\n<ul>\n<li>\n<p align=\"justify\"><span style=\"color: #000000;\">Gew\u00e4hrleistung eines reibungslosen Verbindungsaufbaus der Website,<\/span><\/p>\n<\/li>\n<li>\n<p align=\"justify\"><span style=\"color: #000000;\">Gew\u00e4hrleistung einer komfortablen Nutzung unserer Website,<\/span><\/p>\n<\/li>\n<li>\n<p align=\"justify\"><span style=\"color: #000000;\">Auswertung der Systemsicherheit und -stabilit\u00e4t sowie<\/span><\/p>\n<\/li>\n<li>\n<p align=\"justify\"><span style=\"color: #000000;\">zu weiteren administrativen Zwecken.<\/span><\/p>\n<\/li>\n<\/ul>\n<p class=\"western\" align=\"justify\"><span style=\"color: #000000;\">Die Rechtsgrundlage f\u00fcr die Datenverarbeitung ist Art.&nbsp;6 Abs.&nbsp;1 S.&nbsp;1 lit.&nbsp;f DSGVO. Unser berechtigtes Interesse folgt aus oben aufgelisteten Zwecken zur Datenerhebung. In keinem Fall verwenden wir die erhobenen Daten zu dem Zweck, R\u00fcckschl\u00fcsse auf Ihre Person zu ziehen.<\/span><\/p>\n<p class=\"western\" align=\"justify\"><span style=\"color: #000000;\">Dar\u00fcber hinaus setzen wir beim Besuch unserer Website zum Teil Cookies ein. N\u00e4here Erl\u00e4uterungen dazu erhalten Sie unter der Ziffer 9 dieser Datenschutzerkl\u00e4rung.<\/span><\/p>\n<p class=\"western\" align=\"justify\"><b>6. Weitere Ausf\u00fchrungen zur Rechtsgrundlage der Verarbeitung<\/b><\/p>\n<p class=\"western\" align=\"justify\">Art. 6 I lit. a DSGVO dient der H\u00f6rmann Kommunikations- und Meldetechnik GmbH als Rechtsgrundlage f\u00fcr Verarbeitungsvorg\u00e4nge, bei denen eine Einwilligung f\u00fcr einen bestimmten Verarbeitungszweck einholt werden muss. Ist die Verarbeitung personenbezogener Daten zur Erf\u00fcllung eines Vertrags, dessen Vertragspartei die betroffene Person ist, erforderlich, so beruht die Verarbeitung auf Art. 6 I lit. b DSGVO. Gleiches gilt f\u00fcr Verarbeitungsvorg\u00e4nge die zur Durchf\u00fchrung vorvertraglicher Ma\u00dfnahmen erforderlich sind, etwa in F\u00e4llen von Anfragen zur unseren Dienstleistungen und Produkten. Unterliegt die H\u00f6rmann Kommunikations- und Meldetechnik GmbH einer rechtlichen Verpflichtung durch welche eine Verarbeitung von personenbezogenen Daten erforderlich wird, so basiert die Verarbeitung auf Art. 6 I lit. c DSGVO. In seltenen F\u00e4llen k\u00f6nnte die Verarbeitung von personenbezogenen Daten erforderlich werden, um lebenswichtige Interessen der betroffenen Person oder einer anderen nat\u00fcrlichen Person zu sch\u00fctzen. In diesem Fall beruht die die Verarbeitung auf Art. 6 I lit. d DSGVO. Des Weiteren k\u00f6nnten Verarbeitungsvorg\u00e4nge auf Art. 6 I lit. f DSGVO beruhen. Auf dieser Rechtsgrundlage basieren Verarbeitungsvorg\u00e4nge, die von keiner der vorgenannten Rechtsgrundlagen erfasst werden, wenn die Verarbeitung zur Wahrung eines berechtigten Interesses der H\u00f6rmann Kommunikations- und Meldetechnik&nbsp;GmbH oder eines Dritten erforderlich ist, sofern die Interessen, Grundrechte und Grundfreiheiten des Betroffenen nicht \u00fcberwiegen. Solche Verarbeitungsvorg\u00e4nge sind uns insbesondere deshalb erlaubt, weil sie durch den Europ\u00e4ischen Gesetzgeber besonders erw\u00e4hnt wurden (vgl. Erw\u00e4gungsgrund 47 Satz 2 DSGVO).<\/p>\n<p class=\"western\" align=\"justify\"><b>7. Ber\u00fccksichtigung berechtigter Interessen<\/b><\/p>\n<p class=\"western\" align=\"justify\">Basiert die Verarbeitung personenbezogener Daten auf Artikel 6 I lit. f DSGVO ist das berechtigte Interesse der H\u00f6rmann Kommunikations- und Meldetechnik&nbsp;GmbH die Durchf\u00fchrung und Erf\u00fcllung unserer Gesch\u00e4ftst\u00e4tigkeit zugunsten unserer Mitarbeiter und Gesellschafter.<\/p>\n<p class=\"western\" align=\"justify\"><b>8. Weitergabe von Daten<\/b><\/p>\n<p class=\"western\" align=\"justify\">Eine Weitergabe Ihrer personenbezogenen Daten von uns an Dritte erfolgt nicht.<\/p>\n<p class=\"western\" align=\"left\"><b>9. Einsatz von Cookies<\/b><\/p>\n<p align=\"justify\">Wir behalten uns das Recht vor, auf unseren Webseiten Cookies einzusetzen. Hierbei handelt es sich um kleine Dateien, die Ihr Browser automatisch erstellt und die auf Ihrem Endger\u00e4t (Laptop, Tablet, Smartphone o.\u00e4.) gespeichert werden, wenn Sie unsere Webseite besuchen. Cookies richten auf Ihrem Endger\u00e4t keinen Schaden an, enthalten keine Viren, Trojaner oder sonstige Schadsoftware.<\/p>\n<p class=\"western\" align=\"justify\"><span style=\"color: #000000;\">In dem Cookie werden Informationen abgelegt, die sich jeweils im Zusammenhang mit dem spezifisch eingesetzten Endger\u00e4t ergeben. Dies bedeutet jedoch nicht, dass wir dadurch unmittelbar Kenntnis von Ihrer Identit\u00e4t erhalten.<\/span><\/p>\n<p class=\"western\" align=\"justify\"><span style=\"color: #000000;\">Der Einsatz von Cookies dient einerseits dazu, die Nutzung unseres Angebots f\u00fcr Sie angenehmer zu gestalten. So setzen wir sogenannte Session-Cookies ein, um zu erkennen, dass Sie einzelne Seiten unserer Website bereits besucht haben. Diese werden nach Verlassen unserer Seite automatisch gel\u00f6scht.<\/span><\/p>\n<p class=\"western\" align=\"justify\"><span style=\"color: #000000;\">Dar\u00fcber hinaus setzen wir ebenfalls zur Optimierung der Benutzerfreundlichkeit tempor\u00e4re Cookies ein, die f\u00fcr einen bestimmten festgelegten Zeitraum auf Ihrem Endger\u00e4t gespeichert werden. Besuchen Sie unsere Seite erneut, um unsere Leistungen in Anspruch zu nehmen, so wird automatisch erkannt, dass Sie bereits bei uns waren und welche Eingaben und Einstellungen sie get\u00e4tigt haben, um diese nicht noch einmal eingeben zu m\u00fcssen.<\/span><\/p>\n<p class=\"western\" align=\"justify\"><span style=\"color: #000000;\">Zum anderen setzten wir Cookies ein, um die Nutzung unserer Website statistisch zu erfassen und zum Zwecke der Optimierung unseres Angebotes f\u00fcr Sie auszuwerten (siehe Ziffer&nbsp;7). Diese Cookies erm\u00f6glichen es uns, bei einem erneuten Besuch unserer Seite automatisch zu erkennen, dass Sie bereits bei uns waren. Diese Cookies werden nach einer jeweils definierten Zeit automatisch gel\u00f6scht.<\/span><\/p>\n<p class=\"western\" align=\"justify\"><span style=\"color: #000000;\">Die durch Cookies verarbeiteten Daten sind f\u00fcr die genannten Zwecke zur Wahrung unserer berechtigten Interessen sowie der Dritter nach Art.&nbsp;6 Abs.&nbsp;1 S.&nbsp;1 lit.&nbsp;f DSGVO erforderlich.<\/span><\/p>\n<p class=\"western\" align=\"justify\"><span style=\"color: #000000;\">Die meisten Browser akzeptieren Cookies automatisch. Sie k\u00f6nnen Ihren Browser jedoch so konfigurieren, dass keine Cookies auf Ihrem Computer gespeichert werden oder stets ein Hinweis erscheint, bevor ein neuer Cookie angelegt wird. Die vollst\u00e4ndige Deaktivierung von Cookies kann jedoch dazu f\u00fchren, dass Sie nicht alle Funktionen unserer Website nutzen k\u00f6nnen.<\/span><\/p>\n<p class=\"western\" align=\"justify\"><b>10. Links auf Web-Sites Dritter<\/b><\/p>\n<p class=\"western\" align=\"justify\">Die auf unserer Webseite ver\u00f6ffentlichten Links werden von uns mit gr\u00f6\u00dftm\u00f6glicher Sorgfalt recherchiert und zusammengestellt. Wir haben jedoch keinen Einfluss auf die aktuelle und zuk\u00fcnftige Gestaltung und Inhalte der verlinkten Seiten. Wir sind nicht f\u00fcr den Inhalt der verkn\u00fcpften Seiten verantwortlich und machen uns den Inhalt dieser Seiten ausdr\u00fccklich nicht zu Eigen. F\u00fcr illegale, fehlerhafte oder unvollst\u00e4ndige Inhalte sowie f\u00fcr Sch\u00e4den, die durch die Nutzung oder Nichtnutzung der Informationen entstehen, haftet allein der Anbieter der Web-Site, auf die verwiesen wurde. Die Haftung desjenigen, der lediglich auf die Ver\u00f6ffentlichung durch einen Link hinweist, ist ausgeschlossen. F\u00fcr fremde Hinweise sind wir nur dann verantwortlich, wenn wir von ihnen, d.h. auch von einem eventuellen rechtswidrigen bzw. strafbaren Inhalt, positive Kenntnis haben und es uns technisch m\u00f6glich und zumutbar ist, deren Nutzung zu verhindern.<\/p>\n<p class=\"western\" align=\"justify\"><b>11. Analyse und Tracking Tools<\/b><\/p>\n<p class=\"western\" align=\"justify\">Wir setzen aktuell keine Tracking Ma\u00dfnahmen auf unseren Webseiten ein. Sollte in Zukunft eine Erfassung von Nutzungsdaten \u00fcber Tracking Ma\u00dfnahmen erfolgen, wird diese Erkl\u00e4rung in diesem Punkt aktualisiert werden.<\/p>\n<p class=\"western\" align=\"justify\"><span style=\"color: #000000;\"><b>12. Betroffenenrechte<\/b><\/span><\/p>\n<p class=\"western\" align=\"justify\">Sie haben das Recht:<\/p>\n<ul>\n<li>\n<p align=\"justify\"><span style=\"color: #000000;\">gem\u00e4\u00df Art.&nbsp;15 DSGVO <b>Auskunft<\/b> \u00fcber Ihre von uns verarbeiteten personenbezogenen Daten zu verlangen. Insbesondere k\u00f6nnen Sie Auskunft \u00fcber die Verarbeitungszwecke, die Kategorie der personenbezogenen Daten, die Kategorien von Empf\u00e4ngern, gegen\u00fcber denen Ihre Daten offengelegt wurden oder werden, die geplante Speicherdauer, das Bestehen eines Rechts auf Berichtigung, L\u00f6schung, Einschr\u00e4nkung der Verarbeitung oder Widerspruch, das Bestehen eines Beschwerderechts, die Herkunft Ihrer Daten, sofern diese nicht bei mir erhoben wurden, sowie \u00fcber das Bestehen einer automatisierten Entscheidungsfindung einschlie\u00dflich Profiling und ggf. aussagekr\u00e4ftigen Informationen zu deren Einzelheiten verlangen;<\/span><\/p>\n<\/li>\n<li>\n<p align=\"justify\"><span style=\"color: #000000;\">gem\u00e4\u00df Art.&nbsp;16 DSGVO unverz\u00fcglich die <b>Berichtigung<\/b> unrichtiger oder <b>Vervollst\u00e4ndigung<\/b> Ihrer bei uns gespeicherten personenbezogenen Daten zu verlangen;<\/span><\/p>\n<\/li>\n<li>\n<p align=\"justify\"><span style=\"color: #000000;\">gem\u00e4\u00df Art.&nbsp;17 DSGVO die <b>L\u00f6schung<\/b> Ihrer bei uns gespeicherten personenbezogenen Daten zu verlangen, soweit nicht die Verarbeitung zur Aus\u00fcbung des Rechts auf freie Meinungs\u00e4u\u00dferung und Information, zur Erf\u00fcllung einer rechtlichen Verpflichtung, aus Gr\u00fcnden des \u00f6ffentlichen Interesses oder zur Geltendmachung, Aus\u00fcbung oder Verteidigung von Rechtsanspr\u00fcchen erforderlich ist;<\/span><\/p>\n<\/li>\n<li>\n<p align=\"justify\"><span style=\"color: #000000;\">gem\u00e4\u00df Art.&nbsp;18 DSGVO die <b>Einschr\u00e4nkung<\/b> der Verarbeitung Ihrer personenbezogenen Daten zu verlangen, soweit die Richtigkeit der Daten von Ihnen bestritten wird, die Verarbeitung unrechtm\u00e4\u00dfig ist, Sie aber deren L\u00f6schung ablehnen und wir die Daten nicht mehr ben\u00f6tigen, Sie jedoch diese zur Geltendmachung, Aus\u00fcbung oder Verteidigung von Rechtsanspr\u00fcchen ben\u00f6tigen oder Sie gem\u00e4\u00df Art.&nbsp;21 DSGVO Widerspruch gegen die Verarbeitung eingelegt haben;<\/span><\/p>\n<\/li>\n<li>\n<p align=\"justify\"><span style=\"color: #000000;\">gem\u00e4\u00df Art.&nbsp;20 DSGVO Ihre personenbezogenen Daten, die Sie uns bereitgestellt haben, in einem strukturierten, g\u00e4ngigen und maschinenlesebaren Format zu erhalten oder die <b>\u00dcbermittlung<\/b> an einen anderen Verantwortlichen zu verlangen;<\/span><\/p>\n<\/li>\n<li>\n<p align=\"justify\"><span style=\"color: #000000;\">gem\u00e4\u00df Art.&nbsp;7 Abs.&nbsp;3 DSGVO Ihre einmal erteilte Einwilligung jederzeit gegen\u00fcber uns zu <b>widerrufen<\/b>. Dies hat zur Folge, dass wir die Datenverarbeitung, die auf dieser Einwilligung beruhte, f\u00fcr die Zukunft nicht mehr fortf\u00fchren d\u00fcrfen und<\/span><\/p>\n<\/li>\n<li>\n<p align=\"justify\"><span style=\"color: #000000;\">gem\u00e4\u00df Art.&nbsp;77 DSGVO sich bei einer <b>Aufsichtsbeh\u00f6rde<\/b> zu beschweren. In der Regel k\u00f6nnen Sie sich hierf\u00fcr an die Aufsichtsbeh\u00f6rde Ihres \u00fcblichen Aufenthaltsortes oder Arbeitsplatzes oder unseres Firmensitzes wenden.<\/span><\/p>\n<\/li>\n<\/ul>\n<p class=\"western\" align=\"justify\"><b>13. Widerspruchsrecht<\/b><\/p>\n<p class=\"western\" align=\"justify\">Sofern Ihre personenbezogenen Daten auf Grundlage von berechtigten Interessen gem\u00e4\u00df Art.&nbsp;6 Abs.&nbsp;1 S.&nbsp;1 lit.&nbsp;f DSGVO verarbeitet werden, haben Sie das Recht, gem\u00e4\u00df Art.&nbsp;21 DSGVO Widerspruch gegen die Verarbeitung Ihrer personenbezogenen Daten einzulegen, soweit daf\u00fcr Gr\u00fcnde vorliegen, die sich aus Ihrer besonderen Situation ergeben oder sich der Widerspruch gegen Direktwerbung richtet. Im letzteren Fall haben Sie ein generelles Widerspruchsrecht, das ohne Angabe einer besonderen Situation von uns umgesetzt wird.<\/p>\n<p class=\"western\" align=\"justify\"><span style=\"color: #000000;\">M\u00f6chten Sie von Ihrem Widerrufs- oder Widerspruchsrecht Gebrauch machen, gen\u00fcgt eine E-Mail an:&nbsp;<a href=\"mailto:office@hoermann-kmt.at\">office(at)hoermann-kmt.at<\/a>.<\/span><\/p>\n<p class=\"western\" align=\"justify\"><b>14. Aktualit\u00e4t und \u00c4nderung dieser Datenschutzerkl\u00e4rung<\/b><\/p>\n<p class=\"western\" align=\"justify\">Diese Datenschutzerkl\u00e4rung ist aktuell g\u00fcltig und hat den Stand Juni 2018.<\/p>\n<p class=\"western\" align=\"justify\"><span style=\"color: #000000;\">Durch die Weiterentwicklung unserer Website und Angebote dar\u00fcber oder aufgrund ge\u00e4nderter gesetzlicher beziehungsweise beh\u00f6rdlicher Vorgaben kann es notwendig werden, diese Datenschutzerkl\u00e4rung zu \u00e4ndern.<br \/>\n<\/span><\/p>\n<p align=\"justify\">Teile dieser Datenschutzerkl\u00e4rung wurden mit dem Datenschutzerkl\u00e4rungs-Generator der activeMind AG erstellt.<\/p>\n","protected":false},"excerpt":{"rendered":"<p>Danke f\u00fcr Ihr Interesse an unserem Unternehmen. Wir nehmen den Datenschutz ernst. Sie k\u00f6nnen unsere Webseite grunds\u00e4tzlich ohne jede Angabe personenbezogener Daten nutzen. Sofern eine betroffene Person Leistungen unseres Unternehmens \u00fcber unsere Internetseite in Anspruch nehmen m\u00f6chte, so k\u00f6nnte eine Verarbeitung personenbezogener Daten erforderlich werden. Ist die Verarbeitung personenbezogener Daten \u2026 <a class=\"continue-reading-link\" href=\"https:\/\/hoermann-kmt.at\/wordpress\/datenschutzerklaerung\/\"> Continue reading <span class=\"meta-nav\">&rarr; <\/span><\/a><\/p>\n","protected":false},"author":1,"featured_media":0,"parent":0,"menu_order":0,"comment_status":"closed","ping_status":"closed","template":"templates\/template-onecolumn.php","meta":[],"aioseo_notices":[],"_links":{"self":[{"href":"https:\/\/hoermann-kmt.at\/wordpress\/wp-json\/wp\/v2\/pages\/496"}],"collection":[{"href":"https:\/\/hoermann-kmt.at\/wordpress\/wp-json\/wp\/v2\/pages"}],"about":[{"href":"https:\/\/hoermann-kmt.at\/wordpress\/wp-json\/wp\/v2\/types\/page"}],"author":[{"embeddable":true,"href":"https:\/\/hoermann-kmt.at\/wordpress\/wp-json\/wp\/v2\/users\/1"}],"replies":[{"embeddable":true,"href":"https:\/\/hoermann-kmt.at\/wordpress\/wp-json\/wp\/v2\/comments?post=496"}],"version-history":[{"count":6,"href":"https:\/\/hoermann-kmt.at\/wordpress\/wp-json\/wp\/v2\/pages\/496\/revisions"}],"predecessor-version":[{"id":514,"href":"https:\/\/hoermann-kmt.at\/wordpress\/wp-json\/wp\/v2\/pages\/496\/revisions\/514"}],"wp:attachment":[{"href":"https:\/\/hoermann-kmt.at\/wordpress\/wp-json\/wp\/v2\/media?parent=496"}],"curies":[{"name":"wp","href":"https:\/\/api.w.org\/{rel}","templated":true}]}}